{"id":17,"date":"2013-09-03T01:33:00","date_gmt":"2013-09-03T01:33:00","guid":{"rendered":"http:\/\/www.andreaimaginario.com\/sitee\/?page_id=17"},"modified":"2021-05-10T20:16:04","modified_gmt":"2021-05-11T00:16:04","slug":"info","status":"publish","type":"page","link":"http:\/\/www.andreaimaginario.com\/sitee\/info\/","title":{"rendered":"M\u00e1s info"},"content":{"rendered":"<p>[et_pb_section bb_built=\u00bb1&#8243; _builder_version=\u00bb3.0.105&#8243; background_image=\u00bbhttp:\/\/www.andreaimaginario.com\/sitee\/wp-content\/uploads\/2018\/08\/fondo_andrea_base_MASINFO.jpg\u00bb custom_padding=\u00bb0px|0px|375px|0px\u00bb filter_brightness=\u00bb112%\u00bb filter_contrast=\u00bb93%\u00bb next_background_color=\u00bb#000000&#8243;][et_pb_row _builder_version=\u00bb3.0.47&#8243; background_size=\u00bbinitial\u00bb background_position=\u00bbtop_left\u00bb background_repeat=\u00bbrepeat\u00bb][et_pb_column type=\u00bb4_4&#8243;][et_pb_text _builder_version=\u00bb3.0.105&#8243;]<\/p>\n<p>\u00a9 Fotograf\u00eda de Francisco \u00abPancho\u00bb Mar\u00edn<\/p>\n<p>[\/et_pb_text][\/et_pb_column][\/et_pb_row][\/et_pb_section][et_pb_section bb_built=\u00bb1&#8243; _builder_version=\u00bb3.0.47&#8243; custom_padding=\u00bb81px|38px|54px|36px\u00bb prev_background_color=\u00bb#000000&#8243;][et_pb_row custom_padding=\u00bb4px|0px|25px|0px\u00bb _builder_version=\u00bb3.0.105&#8243;][et_pb_column type=\u00bb4_4&#8243;][et_pb_text _builder_version=\u00bb3.0.105&#8243; inline_fonts=\u00bbAbhaya Libre,Herr Von Muellerhoff\u00bb]<\/p>\n<h1><span style=\"font-family: inherit; font-weight: normal; font-size: xx-large;\"><span style=\"font-size: x-large;\">P<\/span><span style=\"font-size: medium;\">ARTICIPACIONES ESPECIALES Y PUBLICACIONES<\/span><\/span><\/h1>\n<p>[\/et_pb_text][\/et_pb_column][\/et_pb_row][et_pb_row custom_padding=\u00bb4px|0px|29px|0px\u00bb _builder_version=\u00bb3.0.47&#8243; background_size=\u00bbinitial\u00bb background_position=\u00bbtop_left\u00bb background_repeat=\u00bbrepeat\u00bb][et_pb_column type=\u00bb1_4&#8243;][et_pb_image admin_label=\u00bbTonos humanos\u00bb src=\u00bbhttp:\/\/www.andreaimaginario.com\/sitee\/wp-content\/uploads\/2021\/05\/51xOLh5feeL._SY445_SX342_QL70_ML2_.jpg\u00bb _builder_version=\u00bb3.0.105&#8243; show_in_lightbox=\u00bboff\u00bb url_new_window=\u00bboff\u00bb use_overlay=\u00bboff\u00bb always_center_on_mobile=\u00bbon\u00bb force_fullwidth=\u00bboff\u00bb show_bottom_space=\u00bbon\u00bb]<\/p>\n<p>&nbsp;<\/p>\n<p>[\/et_pb_image][et_pb_text admin_label=\u00bbTIENDA santiago\u00bb _builder_version=\u00bb3.0.105&#8243; background_layout=\u00bblight\u00bb]<\/p>\n<h4 style=\"text-align: center;\">TONOS HUMANOS |\u00a02020<\/h4>\n<h2 style=\"text-align: center;\"><a href=\"https:\/\/music.apple.com\/ca\/album\/tonos-humanos-m%C3%BAsica-barroca-espa%C3%B1ola-y-latinoamericana\/1524669472\" target=\"_blank\" rel=\"noopener\"><img loading=\"lazy\" class=\"alignnone wp-image-1766\" src=\"..\/wp-content\/uploads\/2018\/08\/apple.jpg\" alt=\"\" width=\"26\" height=\"25\" \/><\/a>\u00a0<a href=\"https:\/\/open.spotify.com\/album\/5pbgHweMGbzfn5joaDjPot\" target=\"_blank\" rel=\"noopener\"><img loading=\"lazy\" class=\"alignnone wp-image-1767\" src=\"..\/wp-content\/uploads\/2018\/08\/spotify.jpg\" alt=\"\" width=\"22\" height=\"22\" \/><\/a> <a href=\"https:\/\/www.amazon.com\/-\/es\/Musica-Reservata-Sandrah-Silvio\/dp\/B08DJ5N1VC\"><img loading=\"lazy\" class=\" wp-image-1991 alignnone\" src=\"http:\/\/www.andreaimaginario.com\/sitee\/wp-content\/uploads\/2021\/05\/3-amazon-1.jpg\" alt=\"\" width=\"24\" height=\"24\" \/><\/a> <a href=\"https:\/\/www.deezer.com\/en\/album\/162663262\"><img loading=\"lazy\" class=\" wp-image-1990 alignnone\" src=\"http:\/\/www.andreaimaginario.com\/sitee\/wp-content\/uploads\/2021\/05\/2-deezer-1.jpg\" alt=\"\" width=\"39\" height=\"24\" \/><\/a><\/h2>\n<p>[\/et_pb_text][et_pb_text admin_label=\u00bbdescripci\u00f3n santiago\u00bb _builder_version=\u00bb3.0.105&#8243; background_layout=\u00bblight\u00bb]<\/p>\n<p>Bajo la direcci\u00f3n de Sandrah Silvio, el ensamble venezolano Musica Reservata presenta este hermoso CD que recopila lo mejor del repertorio barroco espa\u00f1ol y latinoamericano. Desde cantos sacros hasta cantos profanos y arias de \u00f3pera, este disco es un magn\u00edfico recorrido lleno de dinamismo y contraste.<\/p>\n<p>[\/et_pb_text][\/et_pb_column][et_pb_column type=\u00bb1_4&#8243;][et_pb_image admin_label=\u00bbSantiago\u00bb src=\u00bbhttp:\/\/www.andreaimaginario.com\/sitee\/wp-content\/uploads\/2018\/08\/camino-de-santiago.jpg\u00bb _builder_version=\u00bb3.0.105&#8243;]<\/p>\n<p>&nbsp;<\/p>\n<p>[\/et_pb_image][et_pb_text admin_label=\u00bbTIENDA santiago\u00bb _builder_version=\u00bb3.0.105&#8243;]<\/p>\n<h4 style=\"text-align: center;\">EL CAMINO DE SANTIAGO |\u00a02017<\/h4>\n<h2 style=\"text-align: center;\"><a href=\"https:\/\/itunes.apple.com\/us\/album\/pablo-manavello-el-camino-de-santiago-llega-a-ti\/1367479710?l=es\" target=\"_blank\" rel=\"noopener\"><img loading=\"lazy\" class=\"alignnone wp-image-1766\" src=\"..\/wp-content\/uploads\/2018\/08\/apple.jpg\" alt=\"\" width=\"26\" height=\"25\" \/><\/a>\u00a0<a href=\"https:\/\/open.spotify.com\/album\/6srzz0sf6vnxvYlcacmrHy\" target=\"_blank\" rel=\"noopener\"><img loading=\"lazy\" class=\"alignnone wp-image-1767\" src=\"..\/wp-content\/uploads\/2018\/08\/spotify.jpg\" alt=\"\" width=\"22\" height=\"22\" \/><\/a><\/h2>\n<p>[\/et_pb_text][et_pb_text admin_label=\u00bbdescripci\u00f3n santiago\u00bb _builder_version=\u00bb3.0.105&#8243;]<\/p>\n<p>CD de la obra sinf\u00f3nica compuesta por el m\u00fasico y productor venezolano Pablo Manavello. Andrea Imaginario participa como cantante invitada en el tema \u00abCanto del peregrino\u00bb. Director: Alfredo Rugeles. Arreglos: Pedrito L\u00f3pez. Orquesta Sinf\u00f3nica Venezuela.<\/p>\n<p>[\/et_pb_text][\/et_pb_column][et_pb_column type=\u00bb1_4&#8243;][et_pb_image admin_label=\u00bbReservata\u00bb src=\u00bbhttp:\/\/www.andreaimaginario.com\/sitee\/wp-content\/uploads\/2013\/09\/Magnificat.jpg\u00bb url=\u00bbhttp:\/\/musica-reservata.webs.com\/%20&#8243; url_new_window=\u00bbon\u00bb _builder_version=\u00bb3.0.105&#8243;]<\/p>\n<p>&nbsp;<\/p>\n<p>[\/et_pb_image][et_pb_text admin_label=\u00bbTitulo MR Charpentier\u00bb _builder_version=\u00bb3.0.105&#8243; background_layout=\u00bblight\u00bb]<\/p>\n<h4 style=\"text-align: center;\">MAGNIFICAT | 2012<\/h4>\n<h2 style=\"text-align: center;\"><a href=\"https:\/\/music.apple.com\/ca\/album\/magnificat\/1523197111\" target=\"_blank\" rel=\"noopener\"><img loading=\"lazy\" class=\"alignnone wp-image-1766\" src=\"..\/wp-content\/uploads\/2018\/08\/apple.jpg\" alt=\"\" width=\"26\" height=\"25\" \/><\/a>\u00a0<a href=\"https:\/\/open.spotify.com\/album\/0JIcb1aAMu51xtM0ZpOZ4o\" target=\"_blank\" rel=\"noopener\"><img loading=\"lazy\" class=\"alignnone wp-image-1767\" src=\"..\/wp-content\/uploads\/2018\/08\/spotify.jpg\" alt=\"\" width=\"22\" height=\"22\" \/><\/a> <a href=\"https:\/\/www.amazon.com\/-\/es\/Musica-Reservata\/dp\/B08CTP6WMD\"><img loading=\"lazy\" class=\" wp-image-1991 alignnone\" src=\"http:\/\/www.andreaimaginario.com\/sitee\/wp-content\/uploads\/2021\/05\/3-amazon-1.jpg\" alt=\"\" width=\"24\" height=\"24\" \/><\/a> <a href=\"https:\/\/www.deezer.com\/en\/album\/160345142\"><img loading=\"lazy\" class=\" wp-image-1990 alignnone\" src=\"http:\/\/www.andreaimaginario.com\/sitee\/wp-content\/uploads\/2021\/05\/2-deezer-1.jpg\" alt=\"\" width=\"39\" height=\"24\" \/><\/a><\/h2>\n<p>[\/et_pb_text][et_pb_text admin_label=\u00bbDescripci\u00f3n MR Charpentier\u00bb _builder_version=\u00bb3.0.105&#8243;]<\/p>\n<p>CD con una selecci\u00f3n de obras de Charpentier compuestas para las monjas del convento Port Royal. Interpretado por Musica Reservata Ensemble bajo la direcci\u00f3n de Sandrah Silvio.<\/p>\n<p>[\/et_pb_text][\/et_pb_column][et_pb_column type=\u00bb1_4&#8243;][et_pb_image admin_label=\u00bbLuz de navidad\u00bb src=\u00bbhttp:\/\/www.andreaimaginario.com\/sitee\/wp-content\/uploads\/2013\/09\/Navidad.jpg\u00bb _builder_version=\u00bb3.0.105&#8243;]<\/p>\n<p>&nbsp;<\/p>\n<p>[\/et_pb_image][et_pb_text admin_label=\u00bbT\u00edtulo luz de navidad\u00bb _builder_version=\u00bb3.0.105&#8243;]<\/p>\n<h4 style=\"text-align: center;\">LUZ DE NAVIDAD | 2011<\/h4>\n<p>[\/et_pb_text][et_pb_text admin_label=\u00bbDescripci\u00f3n Luz de navidad\u00bb _builder_version=\u00bb3.0.105&#8243;]<\/p>\n<p>CD con aguinaldos y villancicos tradicionales de Venezuela interpretados por el grupo Voces de Don Bosco. Direcci\u00f3n musical: Mercedes \u201cMeche\u201d Baltasar. Producci\u00f3n musical: Andrea Imaginario y Miguel Chac\u00f3n. Producci\u00f3n ejecutiva: Jos\u00e9 Luis Lofrano (SDB).<\/p>\n<p>[\/et_pb_text][\/et_pb_column][\/et_pb_row][et_pb_row custom_padding=\u00bb4px|0px|29px|0px\u00bb _builder_version=\u00bb3.0.47&#8243; background_size=\u00bbinitial\u00bb background_position=\u00bbtop_left\u00bb background_repeat=\u00bbrepeat\u00bb][et_pb_column type=\u00bb1_4&#8243;][et_pb_image admin_label=\u00bbPedro Andr\u00e9s\u00bb src=\u00bbhttp:\/\/www.andreaimaginario.com\/sitee\/wp-content\/uploads\/2013\/09\/Pedro-Andr\u00e9s-P\u00e9rez-Navidad-e1527694126605.jpg\u00bb url=\u00bbhttp:\/\/globovision.com\/articulo\/pedro-andres-perez-interpreta-la-navidad-con-su-guitarra\u00bb url_new_window=\u00bbon\u00bb _builder_version=\u00bb3.0.105&#8243;]<\/p>\n<p>&nbsp;<\/p>\n<p>[\/et_pb_image][et_pb_text admin_label=\u00bbT\u00edtulo Pedro Andr\u00e9s\u00bb _builder_version=\u00bb3.0.105&#8243;]<\/p>\n<h4>NAVIDAD CON PEDRO ANDR\u00c9S P\u00c9REZ | 2009<\/h4>\n<p>[\/et_pb_text][et_pb_text admin_label=\u00bbDescripci\u00f3n Pedro Andr\u00e9s\u00bb _builder_version=\u00bb3.0.105&#8243;]<\/p>\n<p>CD. En esta producci\u00f3n Andrea Imaginario participa como cantante invitada del guitarrista Pedro Andr\u00e9s P\u00e9rez. Interpreta el aguinaldo venezolano \u201cA ti te cantamos\u201d.<\/p>\n<p>[\/et_pb_text][\/et_pb_column][et_pb_column type=\u00bb1_4&#8243;][et_pb_image admin_label=\u00bbLibro\u00bb src=\u00bbhttp:\/\/www.andreaimaginario.com\/sitee\/wp-content\/uploads\/2013\/09\/Libro-portada.jpg\u00bb url=\u00bbhttp:\/\/www.ucv.ve\/publicaciones\/libros-y-monografias.html\u00bb url_new_window=\u00bbon\u00bb _builder_version=\u00bb3.0.105&#8243;]<\/p>\n<p>&nbsp;<\/p>\n<p>[\/et_pb_image][et_pb_text admin_label=\u00bbT\u00edtulo Visiones de la religiosidad\u00bb _builder_version=\u00bb3.0.105&#8243;]<\/p>\n<h4>VISIONES DE LA RELIGIOSIDAD POPULAR: AUTO DA COMPADECIDA DE ARIANO SUASSUNA Y SU ADAPTACI\u00d3N F\u00cdLMICA | 2010<\/h4>\n<p>[\/et_pb_text][et_pb_text admin_label=\u00bbDescripci\u00f3n Visiones de la religiosidad\u00bb _builder_version=\u00bb3.0.105&#8243;]<\/p>\n<p>LIBRO | La autora analiza la representaci\u00f3n de los imaginarios religiosos en dos obras brasileras a partir de tres ejes: la representaci\u00f3n est\u00e9tica de lo divino, las diferencias entre teatro y cine y la relaci\u00f3n de las obras con sus contextos.<\/p>\n<p>[\/et_pb_text][\/et_pb_column][et_pb_column type=\u00bb1_4&#8243;][et_pb_image admin_label=\u00bbEl cojo ilustrado\u00bb src=\u00bbhttp:\/\/www.andreaimaginario.com\/sitee\/wp-content\/uploads\/2013\/09\/cojo.jpg\u00bb url=\u00bbhttp:\/\/www.ucv.ve\/organizacion\/facultades\/facultad-de-humanidades-y-educacion\/escuelas\/artes.html\u00bb url_new_window=\u00bbon\u00bb _builder_version=\u00bb3.0.105&#8243;]<\/p>\n<p>&nbsp;<\/p>\n<p>[\/et_pb_image][et_pb_text admin_label=\u00bbT\u00edtulo El Cojo Ilustrado\u00bb _builder_version=\u00bb3.0.105&#8243;]<\/p>\n<h4 style=\"text-align: center;\">LA M\u00daSICA EN TIEMPOS DE \u00abEL COJO ILUSTRADO\u00bb | 2008<\/h4>\n<p>[\/et_pb_text][et_pb_text admin_label=\u00bbDescripci\u00f3n El Cojo Ilustrado\u00bb _builder_version=\u00bb3.0.105&#8243;]<\/p>\n<p>CD. Proyecto de investigaci\u00f3n y divulgaci\u00f3n sobre la m\u00fasica publicada en la revista venezolana\u00a0<em style=\"color: #666666; font-size: 14px;\">El Cojo Ilustrado.<\/em><span style=\"color: #666666; font-size: 14px;\">\u00a0Departamento de M\u00fasica, Escuela de Artes, Universidad Central de Venezuela. Coordinaci\u00f3n: Hugo Quintana y Mariantonia Palacios.<\/span><\/p>\n<p>[\/et_pb_text][\/et_pb_column][et_pb_column type=\u00bb1_4&#8243;][\/et_pb_column][\/et_pb_row][\/et_pb_section]<\/p>\n","protected":false},"excerpt":{"rendered":"<p>[et_pb_section bb_built=\u00bb1&#8243; _builder_version=\u00bb3.0.105&#8243; background_image=\u00bbhttp:\/\/www.andreaimaginario.com\/sitee\/wp-content\/uploads\/2018\/08\/fondo_andrea_base_MASINFO.jpg\u00bb custom_padding=\u00bb0px|0px|375px|0px\u00bb filter_brightness=\u00bb112%\u00bb filter_contrast=\u00bb93%\u00bb next_background_color=\u00bb#000000&#8243;][et_pb_row _builder_version=\u00bb3.0.47&#8243; background_size=\u00bbinitial\u00bb background_position=\u00bbtop_left\u00bb background_repeat=\u00bbrepeat\u00bb][et_pb_column type=\u00bb4_4&#8243;][et_pb_text _builder_version=\u00bb3.0.105&#8243;] \u00a9 Fotograf\u00eda de Francisco \u00abPancho\u00bb Mar\u00edn [\/et_pb_text][\/et_pb_column][\/et_pb_row][\/et_pb_section][et_pb_section bb_built=\u00bb1&#8243; _builder_version=\u00bb3.0.47&#8243; custom_padding=\u00bb81px|38px|54px|36px\u00bb prev_background_color=\u00bb#000000&#8243;][et_pb_row custom_padding=\u00bb4px|0px|25px|0px\u00bb _builder_version=\u00bb3.0.105&#8243;][et_pb_column type=\u00bb4_4&#8243;][et_pb_text _builder_version=\u00bb3.0.105&#8243; inline_fonts=\u00bbAbhaya Libre,Herr Von Muellerhoff\u00bb] PARTICIPACIONES ESPECIALES Y PUBLICACIONES [\/et_pb_text][\/et_pb_column][\/et_pb_row][et_pb_row custom_padding=\u00bb4px|0px|29px|0px\u00bb _builder_version=\u00bb3.0.47&#8243; background_size=\u00bbinitial\u00bb background_position=\u00bbtop_left\u00bb background_repeat=\u00bbrepeat\u00bb][et_pb_column type=\u00bb1_4&#8243;][et_pb_image admin_label=\u00bbTonos humanos\u00bb src=\u00bbhttp:\/\/www.andreaimaginario.com\/sitee\/wp-content\/uploads\/2021\/05\/51xOLh5feeL._SY445_SX342_QL70_ML2_.jpg\u00bb _builder_version=\u00bb3.0.105&#8243; show_in_lightbox=\u00bboff\u00bb url_new_window=\u00bboff\u00bb use_overlay=\u00bboff\u00bb always_center_on_mobile=\u00bbon\u00bb force_fullwidth=\u00bboff\u00bb show_bottom_space=\u00bbon\u00bb] &nbsp; [&hellip;]<\/p>\n","protected":false},"author":1,"featured_media":0,"parent":0,"menu_order":0,"comment_status":"open","ping_status":"open","template":"","meta":[],"_links":{"self":[{"href":"http:\/\/www.andreaimaginario.com\/sitee\/wp-json\/wp\/v2\/pages\/17"}],"collection":[{"href":"http:\/\/www.andreaimaginario.com\/sitee\/wp-json\/wp\/v2\/pages"}],"about":[{"href":"http:\/\/www.andreaimaginario.com\/sitee\/wp-json\/wp\/v2\/types\/page"}],"author":[{"embeddable":true,"href":"http:\/\/www.andreaimaginario.com\/sitee\/wp-json\/wp\/v2\/users\/1"}],"replies":[{"embeddable":true,"href":"http:\/\/www.andreaimaginario.com\/sitee\/wp-json\/wp\/v2\/comments?post=17"}],"version-history":[{"count":84,"href":"http:\/\/www.andreaimaginario.com\/sitee\/wp-json\/wp\/v2\/pages\/17\/revisions"}],"predecessor-version":[{"id":2001,"href":"http:\/\/www.andreaimaginario.com\/sitee\/wp-json\/wp\/v2\/pages\/17\/revisions\/2001"}],"wp:attachment":[{"href":"http:\/\/www.andreaimaginario.com\/sitee\/wp-json\/wp\/v2\/media?parent=17"}],"curies":[{"name":"wp","href":"https:\/\/api.w.org\/{rel}","templated":true}]}}